{"id":2394,"date":"2014-02-14T00:51:06","date_gmt":"2014-02-13T23:51:06","guid":{"rendered":"http:\/\/www.goemuergen.de\/?page_id=2394"},"modified":"2014-02-14T00:51:06","modified_gmt":"2014-02-13T23:51:06","slug":"descricao-da-aldeia","status":"publish","type":"page","link":"https:\/\/www.goemuergen.de\/?page_id=2394&lang=pt-pt","title":{"rendered":"Descri\u00e7\u00e3o da aldeia"},"content":{"rendered":"<p><strong><span style=\"font-size: small;\">Hist\u00f3ria<\/span><\/strong><br \/>\n<span style=\"font-size: small;\">G\u00f6m\u00fcrgen reside na Anat\u00f3lia, uma das \u00e1reas povoadas mais antigas do mundo.\u00a0Dados exatos sobre o estabelecimento da aldeia n\u00e3o s\u00e3o bem conhecidos .\u00a0Sup\u00f5e-se que entre 1594 e 1644 sete fam\u00edlias de emigrantes Turkmeni da Asia Central estabeleceram-se nessa \u00e1rea e at\u00e9 aos dias de hoje s\u00e3o pastores.<\/span><\/p>\n<p><strong><span style=\"font-size: small;\">Geografia<\/span><\/strong><br \/>\n<span style=\"font-size: small;\">G\u00f6m\u00fcrgen pertence ao distrito Akk\u0131\u015fla, que pertence novamente \u00e0 prov\u00edncia de Kayseri .\u00a0Fica a 6 quilometros de Akk\u0131\u015fla e 86 quilometros de Kayseri .\u00a0No leste e sudeste fica a montanha H\u0131nz\u0131r e a aldeia Ortak\u00f6y.\u00a0Akk\u0131\u015fla fica a oeste de G\u00f6m\u00fcrgen.\u00a0A sul de G\u00f6m\u00fcrgen, tamb\u00e9m associado ao distrito Akkisla, encontra-se o distrito Ugurlu e a aldeia Gan\u0131\u015feh.<\/span><\/p>\n<p><span style=\"font-size: small;\">G\u00f6m\u00fcrgen, encontra-se a mais de 1400 &#8211; 1500m acima do n\u00edvel do mar e tem um clima continental.\u00a0A vegeta\u00e7\u00e3o \u00e9 similar a um deserto.\u00a0A raz\u00e3o prende-se com a sobreexplora\u00e7\u00e3o\u00a0 e a pouca usual limpeza do solo por todo o pa\u00eds para o converterem em terreno de pasto.\u00a0Esta \u00e9 a raz\u00e3o para o perigo de eros\u00e3o em G\u00f6m\u00fcrgen.<\/span><\/p>\n<p><strong><span style=\"font-size: small;\">Espa\u00e7o e estrutura do solo<\/span><\/strong><\/p>\n<p><span style=\"font-size: small;\">Devido ao aumento do n\u00famero de habitantes, habita\u00e7\u00e3o partilhada e com o fato de as necessidades da aldeia n\u00e3o serem tratadas, apenas algumas \u00e1reas se desenvolveram.\u00a0Estas \u00e1reas s\u00e3o constru\u00eddas sem planeamento e ocupando desnecessariamente uma ampla \u00e1rea, pelo que a forma\u00e7\u00e3o de boas infra-estruturas \u00e9 muito mais dif\u00edcil nestas \u00e1reas. Esgoto n\u00e3o existe na aldeia.<\/span><br \/>\n<strong><span style=\"font-size: small;\">A estrutura social, costumes e actividades desportivas<\/span><\/strong><\/p>\n<p><span style=\"font-size: small;\">Uma grande parte da popula\u00e7\u00e3o n\u00e3o est\u00e1 sob seguran\u00e7a social. \u00a0A vida das pessoas idosas e as pessoas com defici\u00eancia torna-se cada vez mais dif\u00edcil. \u00a0Os jovens n\u00e3o t\u00eam muitas vezes forma\u00e7\u00e3o ou ocupa\u00e7\u00e3o e, por isso, o seu futuro \u00e9 incerto.\u00a0Actividades desportivas ou associa\u00e7\u00f5es n\u00e3o existem.<\/span><\/p>\n<p><span style=\"font-size: small;\">Os problemas da aldeia<\/span><\/p>\n<p><span style=\"font-size: small;\">Como j\u00e1 foi referido o munic\u00edpio tem muitos problemas, que se refletem em toda a Turquia<\/span><\/p>\n<p><strong><span style=\"font-size: small;\">Os principais problemas s\u00e3o os seguintes:<\/span><\/strong><\/p>\n<ol>\n<li><span style=\"font-size: small;\">A produ\u00e7\u00e3o n\u00e3o est\u00e1 actualizada e \u00e9 insuficiente<\/span><\/li>\n<li><span style=\"font-size: small;\">O sistema de ensino tem qualidade abaixo da m\u00e9dia<\/span><\/li>\n<li><span style=\"font-size: small;\">A aldeia tem problemas de \u00e1gua pot\u00e1vel e de irriga\u00e7\u00e3o<\/span><\/li>\n<li><span style=\"font-size: small;\">A aldeia \u00e9 fortemente afetada pela eros\u00e3o<\/span><\/li>\n<li><span style=\"font-size: small;\">A juventude da aldeia tem um futuro incerto<\/span><\/li>\n<\/ol>\n","protected":false},"excerpt":{"rendered":"<p>Hist\u00f3ria G\u00f6m\u00fcrgen reside na Anat\u00f3lia, uma das \u00e1reas povoadas mais antigas do mundo.\u00a0Dados exatos sobre o estabelecimento da aldeia n\u00e3o s\u00e3o bem conhecidos .\u00a0Sup\u00f5e-se que entre 1594 e 1644 sete fam\u00edlias de emigrantes Turkmeni da Asia Central estabeleceram-se nessa \u00e1rea e at\u00e9 aos dias de hoje s\u00e3o pastores. Geografia G\u00f6m\u00fcrgen pertence ao distrito Akk\u0131\u015fla, que [&hellip;]<\/p>\n","protected":false},"author":1,"featured_media":0,"parent":2392,"menu_order":0,"comment_status":"closed","ping_status":"open","template":"","meta":{"ngg_post_thumbnail":0,"footnotes":""},"class_list":["post-2394","page","type-page","status-publish","hentry"],"_links":{"self":[{"href":"https:\/\/www.goemuergen.de\/index.php?rest_route=\/wp\/v2\/pages\/2394","targetHints":{"allow":["GET"]}}],"collection":[{"href":"https:\/\/www.goemuergen.de\/index.php?rest_route=\/wp\/v2\/pages"}],"about":[{"href":"https:\/\/www.goemuergen.de\/index.php?rest_route=\/wp\/v2\/types\/page"}],"author":[{"embeddable":true,"href":"https:\/\/www.goemuergen.de\/index.php?rest_route=\/wp\/v2\/users\/1"}],"replies":[{"embeddable":true,"href":"https:\/\/www.goemuergen.de\/index.php?rest_route=%2Fwp%2Fv2%2Fcomments&post=2394"}],"version-history":[{"count":0,"href":"https:\/\/www.goemuergen.de\/index.php?rest_route=\/wp\/v2\/pages\/2394\/revisions"}],"up":[{"embeddable":true,"href":"https:\/\/www.goemuergen.de\/index.php?rest_route=\/wp\/v2\/pages\/2392"}],"wp:attachment":[{"href":"https:\/\/www.goemuergen.de\/index.php?rest_route=%2Fwp%2Fv2%2Fmedia&parent=2394"}],"curies":[{"name":"wp","href":"https:\/\/api.w.org\/{rel}","templated":true}]}}