{"id":1166,"date":"2011-10-20T09:46:26","date_gmt":"2011-10-20T09:46:26","guid":{"rendered":"http:\/\/www.goemuergen.de\/?page_id=1166"},"modified":"2014-02-15T18:16:30","modified_gmt":"2014-02-15T17:16:30","slug":"kasabasini-yakindan-taniyalim","status":"publish","type":"page","link":"https:\/\/www.goemuergen.de\/?page_id=1166&lang=tr","title":{"rendered":"Kasabas\u0131n\u0131 yak\u0131ndan tan\u0131yal\u0131m"},"content":{"rendered":"<p><strong>G\u00f6m\u00fcrgen&#8217;n\u0131n tarihi<\/strong><\/p>\n<p>G\u00f6m\u00fcrgen Kasabas\u0131, d\u00fcnyan\u0131n en eski yerle\u015fim birimlerinden biri olan Anadolu topraklar\u0131 \u00fczerinde yer almaktad\u0131r. Kasaban\u0131n kurulu\u015f tarihi kesin olarak bilinmemekdir. Bununla birlikte, 1594-1644 tarihleri aras\u0131nda Orta Asya&#8217;dan g\u00f6\u00e7 eden 7 T\u00fcrkmen ailesinin y\u00f6reye yerle\u015fmesiyle g\u00fcn\u00fcm\u00fcze kadar k\u00f6y\u00fcn b\u00fcy\u00fcyerek geli\u015fti\u011fi san\u0131lmaktad\u0131r.<\/p>\n<p>Ayr\u0131ca Say\u0131n \u0130smail Karaaslan&#8217;\u0131n anlat\u0131m\u0131na g\u00f6re: &#8222;Akk\u0131\u015fla \u0130l\u00e7esi G\u00f6m\u00fcrgen Kasabas\u0131&#8217;nda ya\u015fayan k\u00f6yl\u00fclerimiz O\u011fuzlar&#8217;\u0131n Kay\u0131 Boyu&#8217;nun Kuzug\u00fcdenli A\u015fireti&#8217;nden olup, 600 y\u0131l kadar evvel Mara\u015f ilinin T\u00fcrko\u011flu \u0130l\u00e7esi Toroslar civar\u0131ndan gelerek bug\u00fcnk\u00fc H\u0131nz\u0131r Da\u011f\u0131 eteklerinde ki B\u00fcy\u00fcktepe mevkiine yerle\u015fmi\u015flerdir. 100-150 y\u0131l sonra \u015fimdiki yerle\u015fim yerine ge\u00e7mi\u015flerdir. O g\u00fcnden bu yana Pur denilen yerle\u015fim yeri etraf\u0131nda ya\u015famaktad\u0131rlar.&#8220;<\/p>\n<p><strong>Kasaban\u0131n co\u011frafi yap\u0131s\u0131 ve bitki \u00f6rt\u00fcs\u00fc<\/strong><\/p>\n<p>Kayseri ilinin Akk\u0131\u015fla il\u00e7esine ba\u011fl\u0131 bir kasabas\u0131 olan G\u00f6m\u00fcrgen; il\u00e7eye 6 km., Kayseri iline ise 86 km. uzakl\u0131kta bulunup, do\u011fu ve g\u00fcneydo\u011fusunda H\u0131nz\u0131r Da\u011f\u0131 ve Ortak\u00f6y K\u00f6y\u00fc bulunmaktad\u0131r. G\u00fcneyinde Akk\u0131\u015fla il\u00e7esine ba\u011fl\u0131 U\u011furlu mahallesi ve Gani\u015feyh K\u00f6y\u00fc, bat\u0131s\u0131nda Akk\u0131\u015fla \u0130l\u00e7esi bulunmaktad\u0131r.<\/p>\n<p>&nbsp;<\/p>\n<p>Deniz seviyesinden 1400-1500 m. y\u00fckseklikte yer alan kasaba, karasal iklimin t\u00fcm \u00f6zelliklerini ta\u015f\u0131maktad\u0131r. Bitki \u00f6rt\u00fcs\u00fc y\u00f6n\u00fcnden kasaba bir \u00e7\u00f6l\u00fc and\u0131rmaktad\u0131r. Bu durumun nedeni ise a\u015f\u0131r\u0131 hayvan otlatma (\u00e7\u00fcnk\u00fc G\u00f6m\u00fcrgen Kasaba\u0131&#8217;nda 30 bin adet k\u00fc\u00e7\u00fckba\u015f hayvan ve 1500 adet de b\u00fcy\u00fckba\u015f hayvan bulunmakta.), mera alanlar\u0131n\u0131n bilin\u00e7sizce s\u00fcr\u00fclmesi, tarla yap\u0131lmas\u0131d\u0131r. Buna arazi yap\u0131s\u0131n\u0131n da\u011fl\u0131k ve e\u011fimli olmas\u0131 da eklendi\u011finde b\u00fcy\u00fck bir erozyon olay\u0131 eklenmektedir.<\/p>\n<p>&nbsp;<\/p>\n<p><strong>Kasaban\u0131n konut ve altyap\u0131 durumu<\/strong><\/p>\n<p>Zaman i\u00e7erisinde beldenin n\u00fcfusunun artmas\u0131, d\u0131\u015far\u0131ya g\u00f6\u00e7\u00fcn az olmas\u0131, eski yerle\u015fim yerinde ki konutlar\u0131n derme-\u00e7atma olmas\u0131, yeni gereksinimlere hi\u00e7 bir \u015fekilde yan\u0131t verememesi nedeniyle yeni yerle\u015fim yerleri olu\u015fmu\u015f durumdad\u0131r. Bu yeni yerle\u015fim birimleri plans\u0131z ve programs\u0131z kuruldu\u011fu i\u00e7in geni\u015f bir alan\u0131 kaplamakta, bu da su, yol gibi hizmetlerin g\u00f6t\u00fcr\u00fclmesini zorla\u015ft\u0131rmaktad\u0131r.<\/p>\n<p>Kasabada kanalizasyon olmad\u0131\u011f\u0131 gibi; b\u00fcy\u00fck bir hayvan potansiyeline sahip beldenin her taraf\u0131, a\u00e7\u0131kta bulunan hayvan g\u00fcbreleriyle doludur.<\/p>\n<p><strong>Kasaban\u0131n sosyal yap\u0131s\u0131, gelenekleri, folklor ve sportif faliyetleri<\/strong><\/p>\n<p>Kasaba insanlar\u0131n\u0131n \u00e7ok b\u00fcy\u00fck bir k\u0131sm\u0131 sosyal g\u00fcvenceden yoksundur. Ya\u015fl\u0131, kimsesiz ve \u00f6z\u00fcrl\u00fc insanlar\u0131n ya\u015famlar\u0131 g\u00fcn ge\u00e7tik\u00e7e zorla\u015fmaktad\u0131r.<\/p>\n<p>Gen\u00e7 insanlar e\u011fitimsiz, mesleksiz ve gelece\u011fe g\u00fcvensizdir.<\/p>\n<p>Folklor ve sportif faaliyetler alan\u0131nda \u00f6nemli bir canl\u0131l\u0131k yoktur.<\/p>\n<p><strong>Kasaban\u0131n sorunlar\u0131<\/strong><\/p>\n<p>Yukar\u0131da anlat\u0131lanlardan anla\u015f\u0131laca\u011f\u0131 gibi beldenin sorunlar\u0131 \u00e7oktur.<\/p>\n<p>T\u00fcrkiye toplumunun sorunlar\u0131yla kasabam\u0131z\u0131n sorunlar\u0131 birbirine benzemektedir. Bizim beldemizin \u00f6nemli bir ayr\u0131cal\u0131\u011f\u0131, yetersizde de olsa \u00fcreten bir toplum olmam\u0131zd\u0131r.<\/p>\n<p>Bu anlamda ba\u015fl\u0131ca sorunlar\u0131m\u0131z\u0131 \u015f\u00f6yle s\u0131ralayabiriz:<\/p>\n<ol>\n<li>\u00dcretim \u00e7a\u011fda\u015f standartlara uygun de\u011fil ve pazarlama yetersizli\u011fi var.<\/li>\n<li>E\u011ftim ve \u00f6\u011fretim yayg\u0131n, kaliteli ve niteliksel de\u011fil.<\/li>\n<li>Kasaban\u0131n i\u00e7me suyu ve sulama suyu sorunlar\u0131 vard\u0131r.<\/li>\n<li>Kasabada a\u015f\u0131r\u0131 bir erozyon olay\u0131 vard\u0131r.<\/li>\n<li>Kasaba gen\u00e7li\u011fi sahipsiz ve gelece\u011fe kar\u015f\u0131 g\u00fcvencesizdir<\/li>\n<\/ol>\n<p>&nbsp;<\/p>\n<hr noshade=\"noshade\" size=\"1\" \/>\n<p>Bu bilgiler G\u00f6m\u00fcrgen K\u00fclt\u00fcr ve Yard\u0131mla\u015fma Derne\u011fi&#8217;ne aittir, izin al\u0131nmadan ba\u015fka yerlerde kullan\u0131lamaz.<\/p>\n","protected":false},"excerpt":{"rendered":"<p>G\u00f6m\u00fcrgen&#8217;n\u0131n tarihi G\u00f6m\u00fcrgen Kasabas\u0131, d\u00fcnyan\u0131n en eski yerle\u015fim birimlerinden biri olan Anadolu topraklar\u0131 \u00fczerinde yer almaktad\u0131r. Kasaban\u0131n kurulu\u015f tarihi kesin olarak bilinmemekdir. Bununla birlikte, 1594-1644 tarihleri aras\u0131nda Orta Asya&#8217;dan g\u00f6\u00e7 eden 7 T\u00fcrkmen ailesinin y\u00f6reye yerle\u015fmesiyle g\u00fcn\u00fcm\u00fcze kadar k\u00f6y\u00fcn b\u00fcy\u00fcyerek geli\u015fti\u011fi san\u0131lmaktad\u0131r. Ayr\u0131ca Say\u0131n \u0130smail Karaaslan&#8217;\u0131n anlat\u0131m\u0131na g\u00f6re: &#8222;Akk\u0131\u015fla \u0130l\u00e7esi G\u00f6m\u00fcrgen Kasabas\u0131&#8217;nda ya\u015fayan k\u00f6yl\u00fclerimiz O\u011fuzlar&#8217;\u0131n [&hellip;]<\/p>\n","protected":false},"author":1,"featured_media":0,"parent":1163,"menu_order":0,"comment_status":"closed","ping_status":"closed","template":"","meta":{"ngg_post_thumbnail":0,"footnotes":""},"class_list":["post-1166","page","type-page","status-publish","hentry"],"_links":{"self":[{"href":"https:\/\/www.goemuergen.de\/index.php?rest_route=\/wp\/v2\/pages\/1166","targetHints":{"allow":["GET"]}}],"collection":[{"href":"https:\/\/www.goemuergen.de\/index.php?rest_route=\/wp\/v2\/pages"}],"about":[{"href":"https:\/\/www.goemuergen.de\/index.php?rest_route=\/wp\/v2\/types\/page"}],"author":[{"embeddable":true,"href":"https:\/\/www.goemuergen.de\/index.php?rest_route=\/wp\/v2\/users\/1"}],"replies":[{"embeddable":true,"href":"https:\/\/www.goemuergen.de\/index.php?rest_route=%2Fwp%2Fv2%2Fcomments&post=1166"}],"version-history":[{"count":0,"href":"https:\/\/www.goemuergen.de\/index.php?rest_route=\/wp\/v2\/pages\/1166\/revisions"}],"up":[{"embeddable":true,"href":"https:\/\/www.goemuergen.de\/index.php?rest_route=\/wp\/v2\/pages\/1163"}],"wp:attachment":[{"href":"https:\/\/www.goemuergen.de\/index.php?rest_route=%2Fwp%2Fv2%2Fmedia&parent=1166"}],"curies":[{"name":"wp","href":"https:\/\/api.w.org\/{rel}","templated":true}]}}